{"id":1643,"date":"2023-02-14T20:13:50","date_gmt":"2023-02-14T18:13:50","guid":{"rendered":"https:\/\/tfcindustrial.com\/cas-exit\/obra-publica-medioambiental\/"},"modified":"2023-03-13T12:54:31","modified_gmt":"2023-03-13T10:54:31","slug":"obra-publica-mediambiental","status":"publish","type":"cas-exit","link":"https:\/\/tfcindustrial.com\/ca\/cas-exit\/obra-publica-mediambiental\/","title":{"rendered":"Obra p\u00fablica mediambiental"},"content":{"rendered":"\n<div class=\"wp-block-tfc-blocks-cabecera maq_contenidor\"><div class=\"mod_cabecera slider js_slider mes_alt\">\n<div class=\"wp-block-tfc-blocks-cabecera-imagen\"><div class=\"img\" style=\"background-image:url('https:\/\/tfcindustrial.com\/wp-content\/uploads\/2023\/02\/Cas-Panta-de-Foix-00.jpg')\"><div class=\"text\"><h2 class=\"com_titular_1 com_color_tfc\">Obra p\u00fablica<br>mediambiental<\/h2><\/div><\/div><\/div>\n<\/div><\/div>\n\n\n\n<div style=\"height:80px\" aria-hidden=\"true\" class=\"wp-block-spacer\"><\/div>\n\n\n\n<p class=\"is-style-tfc-titular-petit has-tfc-blanc-color has-text-color\">Recondicionament de les baranes de protecci\u00f3 del recorregut interior del Pant\u00e0 de Foix a l&#8217;Alt Pened\u00e8s, prov\u00edncia de Barcelona.<\/p>\n\n\n\n<div style=\"height:80px\" aria-hidden=\"true\" class=\"wp-block-spacer\"><\/div>\n\n\n\n<div class=\"wp-block-tfc-blocks-galeria mod_fotogrid color maq_cols _gutter cols_3\">\n<div class=\"wp-block-tfc-blocks-galeria-in col\"><a class=\"\" href=\"https:\/\/tfcindustrial.com\/wp-content\/uploads\/2023\/02\/Cas-Panta-de-Foix-01.jpg\" data-fancybox=\"fancy\" target=\"_blank\" rel=\"noopener\"><div class=\"foto\"><span class=\"icon-mes\"><\/span><img decoding=\"async\" src=\"https:\/\/tfcindustrial.com\/wp-content\/uploads\/2023\/02\/Cas-Panta-de-Foix-01-600x600.jpg\"\/><\/div><\/a><\/div>\n\n\n\n<div class=\"wp-block-tfc-blocks-galeria-in col\"><a class=\"\" href=\"https:\/\/tfcindustrial.com\/wp-content\/uploads\/2023\/02\/Cas-Panta-de-Foix-02.jpg\" data-fancybox=\"fancy\" target=\"_blank\" rel=\"noopener\"><div class=\"foto\"><span class=\"icon-mes\"><\/span><img decoding=\"async\" src=\"https:\/\/tfcindustrial.com\/wp-content\/uploads\/2023\/02\/Cas-Panta-de-Foix-02-600x600.jpg\"\/><\/div><\/a><\/div>\n\n\n\n<div class=\"wp-block-tfc-blocks-galeria-in col\"><a class=\"\" href=\"https:\/\/tfcindustrial.com\/wp-content\/uploads\/2023\/02\/Cas-Panta-de-Foix-03.jpg\" data-fancybox=\"fancy\" target=\"_blank\" rel=\"noopener\"><div class=\"foto\"><span class=\"icon-mes\"><\/span><img decoding=\"async\" src=\"https:\/\/tfcindustrial.com\/wp-content\/uploads\/2023\/02\/Cas-Panta-de-Foix-03-600x600.jpg\"\/><\/div><\/a><\/div>\n\n\n\n<div class=\"wp-block-tfc-blocks-galeria-in col\"><a class=\"\" href=\"https:\/\/tfcindustrial.com\/wp-content\/uploads\/2023\/02\/Cas-Panta-de-Foix-04.jpg\" data-fancybox=\"fancy\" target=\"_blank\" rel=\"noopener\"><div class=\"foto\"><span class=\"icon-mes\"><\/span><img decoding=\"async\" src=\"https:\/\/tfcindustrial.com\/wp-content\/uploads\/2023\/02\/Cas-Panta-de-Foix-04-600x600.jpg\"\/><\/div><\/a><\/div>\n<\/div>\n\n\n\n<div style=\"height:60px\" aria-hidden=\"true\" class=\"wp-block-spacer\"><\/div>\n","protected":false},"excerpt":{"rendered":"<p>Recondicionament de les baranes de protecci\u00f3 del recorregut interior del Pant\u00e0 de Foix a l&#8217;Alt Pened\u00e8s, prov\u00edncia de Barcelona.<\/p>\n","protected":false},"featured_media":1459,"template":"","class_list":["post-1643","cas-exit","type-cas-exit","status-publish","has-post-thumbnail","hentry"],"_links":{"self":[{"href":"https:\/\/tfcindustrial.com\/ca\/wp-json\/wp\/v2\/cas-exit\/1643","targetHints":{"allow":["GET"]}}],"collection":[{"href":"https:\/\/tfcindustrial.com\/ca\/wp-json\/wp\/v2\/cas-exit"}],"about":[{"href":"https:\/\/tfcindustrial.com\/ca\/wp-json\/wp\/v2\/types\/cas-exit"}],"version-history":[{"count":2,"href":"https:\/\/tfcindustrial.com\/ca\/wp-json\/wp\/v2\/cas-exit\/1643\/revisions"}],"predecessor-version":[{"id":1709,"href":"https:\/\/tfcindustrial.com\/ca\/wp-json\/wp\/v2\/cas-exit\/1643\/revisions\/1709"}],"wp:featuredmedia":[{"embeddable":true,"href":"https:\/\/tfcindustrial.com\/ca\/wp-json\/wp\/v2\/media\/1459"}],"wp:attachment":[{"href":"https:\/\/tfcindustrial.com\/ca\/wp-json\/wp\/v2\/media?parent=1643"}],"curies":[{"name":"wp","href":"https:\/\/api.w.org\/{rel}","templated":true}]}}